{"id":1754,"date":"2026-08-13T22:12:48","date_gmt":"2026-08-14T02:12:48","guid":{"rendered":"https:\/\/cciha.global\/?page_id=1754"},"modified":"2026-08-18T15:01:02","modified_gmt":"2026-08-18T19:01:02","slug":"services-cciha","status":"publish","type":"page","link":"https:\/\/cciha.global\/en\/services-cciha\/","title":{"rendered":"Services"},"content":{"rendered":"<div class=\"wp-block-cover alignfull has-custom-content-position is-position-bottom-left\" style=\"margin-top:0;padding-top:var(--wp--preset--spacing--50);padding-right:var(--wp--preset--spacing--50);padding-bottom:var(--wp--preset--spacing--50);padding-left:var(--wp--preset--spacing--50);min-height:78vh;aspect-ratio:unset;\"><img data-recalc-dims=\"1\" loading=\"lazy\" decoding=\"async\" width=\"1184\" height=\"864\" data-attachment-id=\"1810\" data-permalink=\"https:\/\/cciha.global\/en\/cciha-chambre-de-commerce-et-d039industrie-haitiano-africaine-6a77d1c6b8afd\/\" data-orig-file=\"https:\/\/i0.wp.com\/cciha.global\/wp-content\/uploads\/2026\/08\/cciha-chambre-de-commerce-et-d039industrie-haitiano-africaine-6a77d1c6b8afd.png?fit=1184%2C864&amp;ssl=1\" data-orig-size=\"1184,864\" data-comments-opened=\"1\" data-image-meta=\"{&quot;aperture&quot;:&quot;0&quot;,&quot;credit&quot;:&quot;&quot;,&quot;camera&quot;:&quot;&quot;,&quot;caption&quot;:&quot;&quot;,&quot;created_timestamp&quot;:&quot;0&quot;,&quot;copyright&quot;:&quot;&quot;,&quot;focal_length&quot;:&quot;0&quot;,&quot;iso&quot;:&quot;0&quot;,&quot;shutter_speed&quot;:&quot;0&quot;,&quot;title&quot;:&quot;&quot;,&quot;orientation&quot;:&quot;0&quot;,&quot;alt&quot;:&quot;&quot;}\" data-image-title=\"Wide cinematic photograph of a modern international business district skyline at golden hour, glass office towers, subtle warm light, professional and authoritative mood, no text, no people, corporate chamber of commerce atmosphere\" data-image-description=\"\" data-image-caption=\"\" data-large-file=\"https:\/\/i0.wp.com\/cciha.global\/wp-content\/uploads\/2026\/08\/cciha-chambre-de-commerce-et-d039industrie-haitiano-africaine-6a77d1c6b8afd.png?fit=1024%2C747&amp;ssl=1\" class=\"wp-block-cover__image-background wp-image-1810\" alt=\"Services de la CCIHA\" src=\"https:\/\/i0.wp.com\/cciha.global\/wp-content\/uploads\/2026\/08\/cciha-chambre-de-commerce-et-d039industrie-haitiano-africaine-6a77d1c6b8afd.png?resize=1184%2C864&#038;ssl=1\" data-object-fit=\"cover\" srcset=\"https:\/\/i0.wp.com\/cciha.global\/wp-content\/uploads\/2026\/08\/cciha-chambre-de-commerce-et-d039industrie-haitiano-africaine-6a77d1c6b8afd.png?w=1184&amp;ssl=1 1184w, https:\/\/i0.wp.com\/cciha.global\/wp-content\/uploads\/2026\/08\/cciha-chambre-de-commerce-et-d039industrie-haitiano-africaine-6a77d1c6b8afd.png?resize=300%2C219&amp;ssl=1 300w, https:\/\/i0.wp.com\/cciha.global\/wp-content\/uploads\/2026\/08\/cciha-chambre-de-commerce-et-d039industrie-haitiano-africaine-6a77d1c6b8afd.png?resize=1024%2C747&amp;ssl=1 1024w, https:\/\/i0.wp.com\/cciha.global\/wp-content\/uploads\/2026\/08\/cciha-chambre-de-commerce-et-d039industrie-haitiano-africaine-6a77d1c6b8afd.png?resize=768%2C560&amp;ssl=1 768w, https:\/\/i0.wp.com\/cciha.global\/wp-content\/uploads\/2026\/08\/cciha-chambre-de-commerce-et-d039industrie-haitiano-africaine-6a77d1c6b8afd.png?resize=16%2C12&amp;ssl=1 16w\" sizes=\"auto, (max-width: 1000px) 100vw, 1000px\" \/><span aria-hidden=\"true\" class=\"wp-block-cover__background has-background-dim-40 has-background-dim\" style=\"background-color:#877671\"><\/span><div class=\"wp-block-cover__inner-container is-layout-flow wp-block-cover-is-layout-flow\">\n<div class=\"wp-block-group alignwide has-global-padding is-layout-constrained wp-container-core-group-is-layout-f36bc466 wp-block-group-is-layout-constrained wp-container-core-group-is-layout-091da08a\">\n<p class=\"is-style-split has-text-color has-small-font-size wp-block-paragraph\" style=\"color:#0a1628;margin-bottom:var(--wp--preset--spacing--30);font-style:normal;font-weight:700;letter-spacing:3px;text-transform:uppercase\">Chambre de Commerce et d&#8217;Industrie Ha\u00eftiano-Africaine<\/p>\n\n\n\n<h1 class=\"wp-block-heading is-style-split has-theme-1-color has-text-color\" style=\"margin-top:0;margin-bottom:var(--wp--preset--spacing--40);font-size:clamp(48.588px, 3.037rem + ((1vw - 3.2px) * 2.927), 96px);font-style:normal;font-weight:700;line-height:1\">Our Services<\/h1>\n\n\n\n<p class=\"has-text-color has-medium-font-size wp-block-paragraph\" style=\"color:#c9a84c;font-style:normal;font-weight:400;line-height:1.6\">Un accompagnement complet pour faire grandir votre entreprise, ouvrir de nouveaux march\u00e9s et prendre votre place dans un r\u00e9seau d&#8217;affaires exigeant.<\/p>\n<\/div>\n<\/div><\/div>\n\n\n\n<div class=\"wp-block-group alignfull has-theme-1-background-color has-background has-global-padding is-layout-constrained wp-container-core-group-is-layout-abf56866 wp-block-group-is-layout-constrained wp-container-core-group-is-layout-f83b65b4\" style=\"margin-top:0;padding-top:var(--wp--preset--spacing--40);padding-right:var(--wp--preset--spacing--50);padding-bottom:var(--wp--preset--spacing--30);padding-left:var(--wp--preset--spacing--30)\">\n<div class=\"wp-block-columns are-vertically-aligned-top is-layout-flex wp-container-core-columns-is-layout-7fc3d43a wp-block-columns-is-layout-flex wp-container-core-columns-is-layout-c8d96ec6\">\n<div class=\"wp-block-column is-vertically-aligned-top is-layout-flow wp-block-column-is-layout-flow\" style=\"flex-basis:38%\">\n<p class=\"has-text-color has-small-font-size wp-block-paragraph\" style=\"color:#c9a84c;margin-bottom:var(--wp--preset--spacing--20);font-weight:700;letter-spacing:3px;text-transform:uppercase\">Ce que nous offrons<\/p>\n\n\n\n<h2 class=\"wp-block-heading has-text-color\" style=\"color:#0a1628;margin-top:0;margin-bottom:0;font-size:clamp(27.894px, 1.743rem + ((1vw - 3.2px) * 1.241), 48px);font-style:normal;font-weight:700;line-height:1.1\">Une chambre au service de vos ambitions<\/h2>\n<\/div>\n\n\n\n<div class=\"wp-block-column is-vertically-aligned-top is-layout-flow wp-block-column-is-layout-flow\" style=\"flex-basis:62%\">\n<p class=\"has-text-color has-medium-font-size wp-block-paragraph\" style=\"color:#0a1628;margin-top:var(--wp--preset--spacing--20);margin-bottom:var(--wp--preset--spacing--40);line-height:1.65\">La CCIHA met \u00e0 disposition de ses membres un ensemble de services con\u00e7us pour lever les obstacles concrets de l&#8217;entreprise : acc\u00e8s au conseil, mise en relation, ouverture des march\u00e9s, mont\u00e9e en comp\u00e9tences et d\u00e9fense des int\u00e9r\u00eats.<\/p>\n\n\n\n<p class=\"has-text-color wp-block-paragraph\" style=\"color:#0a1628;line-height:1.65\">Chaque service r\u00e9pond \u00e0 un besoin pr\u00e9cis. Ensemble, ils forment un accompagnement continu, de la cr\u00e9ation \u00e0 l&#8217;internationalisation, pour les entreprises ha\u00eftiennes, africaines et leurs partenaires.<\/p>\n<\/div>\n<\/div>\n<\/div>\n\n\n\n<div class=\"wp-block-group alignfull has-background has-global-padding is-layout-constrained wp-container-core-group-is-layout-522b22c9 wp-block-group-is-layout-constrained wp-container-core-group-is-layout-ca124da9\" style=\"background-color:#F5F5F5;margin-top:0;padding-top:var(--wp--preset--spacing--80);padding-right:var(--wp--preset--spacing--50);padding-bottom:var(--wp--preset--spacing--80);padding-left:var(--wp--preset--spacing--50);background-image:linear-gradient(rgba(0, 0, 0, 0.55), rgba(0, 0, 0, 0.55)), url(https:\/\/cciha.global\/wp-content\/uploads\/2026\/08\/untitled-0174-2-1.jpg);background-size:cover;background-attachment:fixed;\">\n<div class=\"wp-block-columns are-vertically-aligned-center is-layout-flex wp-container-core-columns-is-layout-f5a44f5b wp-block-columns-is-layout-flex wp-container-core-columns-is-layout-e73b7217\">\n<div class=\"wp-block-column is-vertically-aligned-center is-layout-flow wp-block-column-is-layout-flow\" style=\"flex-basis:22%\">\n<p class=\"has-text-color wp-block-paragraph\" style=\"color:#c9a84c;margin-top:0;margin-bottom:0;font-size:clamp(42.068px, 2.629rem + ((1vw - 3.2px) * 2.341), 80px);font-style:normal;font-weight:700;line-height:1\">01<\/p>\n<\/div>\n\n\n\n<div class=\"wp-block-column is-vertically-aligned-center is-layout-flow wp-block-column-is-layout-flow\" style=\"flex-basis:78%\">\n<h3 class=\"wp-block-heading has-text-color\" style=\"color:#c9a84c;margin-top:0;margin-bottom:var(--wp--preset--spacing--20);font-size:clamp(20px, 1.25rem + ((1vw - 3.2px) * 0.741), 32px);font-style:normal;font-weight:700;line-height:1.15\">Accompagnement des entreprises<\/h3>\n\n\n\n<p class=\"has-theme-1-color has-text-color has-medium-font-size wp-block-paragraph\" style=\"margin-top:0;margin-bottom:0;line-height:1.65\">Un conseil de proximit\u00e9 pour chaque \u00e9tape de la vie de l&#8217;entreprise : cr\u00e9ation, structuration, d\u00e9veloppement et transmission. Nos experts orientent, accompagnent et s\u00e9curisent vos d\u00e9cisions strat\u00e9giques.<\/p>\n<\/div>\n<\/div>\n\n\n\n<hr class=\"wp-block-separator has-text-color has-alpha-channel-opacity has-background is-style-wide\" style=\"background-color:#CCCCCC;color:#CCCCCC\"\/>\n\n\n\n<div class=\"wp-block-columns are-vertically-aligned-center is-layout-flex wp-container-core-columns-is-layout-f5a44f5b wp-block-columns-is-layout-flex wp-container-core-columns-is-layout-e73b7217\">\n<div class=\"wp-block-column is-vertically-aligned-center is-layout-flow wp-block-column-is-layout-flow\" style=\"flex-basis:22%\">\n<p class=\"has-text-color wp-block-paragraph\" style=\"color:#c9a84c;margin-top:0;margin-bottom:0;font-size:clamp(42.068px, 2.629rem + ((1vw - 3.2px) * 2.341), 80px);font-style:normal;font-weight:700;line-height:1\">02<\/p>\n<\/div>\n\n\n\n<div class=\"wp-block-column is-vertically-aligned-center is-layout-flow wp-block-column-is-layout-flow\" style=\"flex-basis:78%\">\n<h3 class=\"wp-block-heading has-text-color\" style=\"color:#c9a84c;margin-top:0;margin-bottom:var(--wp--preset--spacing--20);font-size:clamp(20px, 1.25rem + ((1vw - 3.2px) * 0.741), 32px);font-style:normal;font-weight:700;line-height:1.15\">Networking et \u00e9v\u00e9nements<\/h3>\n\n\n\n<p class=\"has-theme-1-color has-text-color has-medium-font-size wp-block-paragraph\" style=\"margin-top:0;margin-bottom:0;line-height:1.65\">Forums, rencontres d&#8217;affaires, d\u00e9l\u00e9gations et rendez-vous exclusifs. La CCIHA cr\u00e9e les occasions de vous connecter aux bons interlocuteurs, ici comme \u00e0 l&#8217;international, surtout dans la <a href=\"https:\/\/au.int\/fr\" target=\"_blank\" rel=\"noopener\">zone de l&#8217;Union Africaine<\/a><\/p>\n<\/div>\n<\/div>\n\n\n\n<hr class=\"wp-block-separator has-text-color has-alpha-channel-opacity has-background is-style-wide\" style=\"background-color:#CCCCCC;color:#CCCCCC\"\/>\n\n\n\n<div class=\"wp-block-columns are-vertically-aligned-center is-layout-flex wp-container-core-columns-is-layout-f5a44f5b wp-block-columns-is-layout-flex wp-container-core-columns-is-layout-e73b7217\">\n<div class=\"wp-block-column is-vertically-aligned-center is-layout-flow wp-block-column-is-layout-flow\" style=\"flex-basis:22%\">\n<p class=\"has-text-color wp-block-paragraph\" style=\"color:#c9a84c;margin-top:0;margin-bottom:0;font-size:clamp(42.068px, 2.629rem + ((1vw - 3.2px) * 2.341), 80px);font-style:normal;font-weight:700;line-height:1\">03<\/p>\n<\/div>\n\n\n\n<div class=\"wp-block-column is-vertically-aligned-center is-layout-flow wp-block-column-is-layout-flow\" style=\"flex-basis:78%\">\n<h3 class=\"wp-block-heading has-text-color\" style=\"color:#c9a84c;margin-top:0;margin-bottom:var(--wp--preset--spacing--20);font-size:clamp(20px, 1.25rem + ((1vw - 3.2px) * 0.741), 32px);font-style:normal;font-weight:700;line-height:1.15\">Acc\u00e8s aux march\u00e9s internationaux<\/h3>\n\n\n\n<p class=\"has-theme-1-color has-text-color has-medium-font-size wp-block-paragraph\" style=\"margin-top:0;margin-bottom:0;line-height:1.65\">Appui \u00e0 l&#8217;export, veille sur les opportunit\u00e9s et mise en relation avec des partenaires \u00e9trangers. Nous ouvrons les portes des march\u00e9s que vous visez et vous aidons \u00e0 les franchir.<\/p>\n<\/div>\n<\/div>\n\n\n\n<hr class=\"wp-block-separator has-text-color has-alpha-channel-opacity has-background is-style-wide\" style=\"background-color:#CCCCCC;color:#CCCCCC\"\/>\n\n\n\n<div class=\"wp-block-columns are-vertically-aligned-center is-layout-flex wp-container-core-columns-is-layout-f5a44f5b wp-block-columns-is-layout-flex wp-container-core-columns-is-layout-e73b7217\">\n<div class=\"wp-block-column is-vertically-aligned-center is-layout-flow wp-block-column-is-layout-flow\" style=\"flex-basis:22%\">\n<p class=\"has-text-color wp-block-paragraph\" style=\"color:#c9a84c;margin-top:0;margin-bottom:0;font-size:clamp(42.068px, 2.629rem + ((1vw - 3.2px) * 2.341), 80px);font-style:normal;font-weight:700;line-height:1\">04<\/p>\n<\/div>\n\n\n\n<div class=\"wp-block-column is-vertically-aligned-center is-layout-flow wp-block-column-is-layout-flow\" style=\"flex-basis:78%\">\n<h3 class=\"wp-block-heading has-text-color\" style=\"color:#c9a84c;margin-top:0;margin-bottom:var(--wp--preset--spacing--20);font-size:clamp(20px, 1.25rem + ((1vw - 3.2px) * 0.741), 32px);font-style:normal;font-weight:700;line-height:1.15\">Formation et renforcement de capacit\u00e9s<\/h3>\n\n\n\n<p class=\"has-theme-1-color has-text-color has-medium-font-size wp-block-paragraph\" style=\"margin-top:0;margin-bottom:0;line-height:1.65\">Programmes, ateliers et espace de formation en ligne et en pr\u00e9sentiel pour renforcer les comp\u00e9tences entrepreneuriales et manag\u00e9riales. Un transfert de savoir-faire concret, pens\u00e9 pour \u00eatre appliqu\u00e9.<\/p>\n<\/div>\n<\/div>\n\n\n\n<hr class=\"wp-block-separator has-text-color has-alpha-channel-opacity has-background is-style-wide\" style=\"background-color:#CCCCCC;color:#CCCCCC\"\/>\n\n\n\n<div class=\"wp-block-columns are-vertically-aligned-center is-layout-flex wp-container-core-columns-is-layout-f5a44f5b wp-block-columns-is-layout-flex wp-container-core-columns-is-layout-e73b7217\">\n<div class=\"wp-block-column is-vertically-aligned-center is-layout-flow wp-block-column-is-layout-flow\" style=\"flex-basis:22%\">\n<p class=\"has-text-color wp-block-paragraph\" style=\"color:#c9a84c;margin-top:0;margin-bottom:0;font-size:clamp(42.068px, 2.629rem + ((1vw - 3.2px) * 2.341), 80px);font-style:normal;font-weight:700;line-height:1\">05<\/p>\n<\/div>\n\n\n\n<div class=\"wp-block-column is-vertically-aligned-center is-layout-flow wp-block-column-is-layout-flow\" style=\"flex-basis:78%\">\n<h3 class=\"wp-block-heading has-text-color\" style=\"color:#c9a84c;margin-top:0;margin-bottom:var(--wp--preset--spacing--20);font-size:clamp(20px, 1.25rem + ((1vw - 3.2px) * 0.741), 32px);font-style:normal;font-weight:700;line-height:1.15\">Plaidoyer et repr\u00e9sentation des membres<\/h3>\n\n\n\n<p class=\"has-theme-1-color has-text-color has-medium-font-size wp-block-paragraph\" style=\"margin-top:0;margin-bottom:0;line-height:1.65\">Nous portons la voix de nos membres aupr\u00e8s des institutions et des d\u00e9cideurs. Une repr\u00e9sentation active pour d\u00e9fendre vos int\u00e9r\u00eats et am\u00e9liorer l&#8217;environnement des affaires.<\/p>\n<\/div>\n<\/div>\n\n\n\n<hr class=\"wp-block-separator has-text-color has-alpha-channel-opacity has-background is-style-wide\" style=\"background-color:#CCCCCC;color:#CCCCCC\"\/>\n\n\n\n<div class=\"wp-block-columns are-vertically-aligned-center is-layout-flex wp-container-core-columns-is-layout-f5a44f5b wp-block-columns-is-layout-flex wp-container-core-columns-is-layout-e73b7217\">\n<div class=\"wp-block-column is-vertically-aligned-center is-layout-flow wp-block-column-is-layout-flow\" style=\"flex-basis:22%\">\n<p class=\"has-text-color wp-block-paragraph\" style=\"color:#c9a84c;margin-top:0;margin-bottom:0;font-size:clamp(42.068px, 2.629rem + ((1vw - 3.2px) * 2.341), 80px);font-style:normal;font-weight:700;line-height:1\">06<\/p>\n<\/div>\n\n\n\n<div class=\"wp-block-column is-vertically-aligned-center is-layout-flow wp-block-column-is-layout-flow\" style=\"flex-basis:78%\">\n<h3 class=\"wp-block-heading has-text-color\" style=\"color:#c9a84c;margin-top:0;margin-bottom:var(--wp--preset--spacing--20);font-size:clamp(20px, 1.25rem + ((1vw - 3.2px) * 0.741), 32px);font-style:normal;font-weight:700;line-height:1.15\">Services d&#8217;information et de documentation<\/h3>\n\n\n\n<p class=\"has-theme-1-color has-text-color has-medium-font-size wp-block-paragraph\" style=\"margin-top:0;margin-bottom:0;line-height:1.65\">Actualit\u00e9s \u00e9conomiques, ressources r\u00e9glementaires et documentation pratique. Un acc\u00e8s fiable \u00e0 l&#8217;information dont vous avez besoin pour d\u00e9cider vite et bien.<\/p>\n<\/div>\n<\/div>\n<\/div>\n\n\n\n<div class=\"wp-block-cover alignfull is-light\" style=\"margin-top:0;margin-bottom:var(--wp--preset--spacing--30);padding-top:var(--wp--preset--spacing--30);padding-right:var(--wp--preset--spacing--30);padding-bottom:var(--wp--preset--spacing--30);padding-left:var(--wp--preset--spacing--30);aspect-ratio:unset;\"><span aria-hidden=\"true\" class=\"wp-block-cover__background has-theme-1-background-color has-background-dim-100 has-background-dim\"><\/span><div class=\"wp-block-cover__inner-container is-layout-flow wp-block-cover-is-layout-flow\">\n<div class=\"wp-block-group has-background has-global-padding is-layout-constrained wp-container-core-group-is-layout-e88b8f83 wp-block-group-is-layout-constrained wp-container-core-group-is-layout-ad54593c\" style=\"background-color:#0a1628;margin-top:0;margin-bottom:0\">\n<p class=\"has-text-align-center has-text-color has-small-font-size wp-block-paragraph\" style=\"color:#c9a84c;margin-bottom:var(--wp--preset--spacing--30);font-weight:700;letter-spacing:3px;text-transform:uppercase\">Rejoignez la CCIHA<\/p>\n\n\n\n<h2 class=\"wp-block-heading has-text-align-center has-theme-1-color has-text-color\" style=\"margin-top:0;margin-bottom:var(--wp--preset--spacing--40);font-size:clamp(31.609px, 1.976rem + ((1vw - 3.2px) * 1.506), 56px);font-style:normal;font-weight:700;line-height:1.1\">Faites de nos services vos avantages<\/h2>\n\n\n\n<p class=\"has-text-align-center has-text-color has-medium-font-size wp-block-paragraph\" style=\"color:#c9a84c;margin-top:0;margin-bottom:var(--wp--preset--spacing--50);line-height:1.65\">Devenez membre et acc\u00e9dez \u00e0 l&#8217;ensemble de nos services, ou contactez-nous pour discuter de vos besoins. Nous vous r\u00e9pondons.<\/p>\n\n\n\n<div class=\"wp-block-buttons is-content-justification-center is-layout-flex wp-container-core-buttons-is-layout-847cedb7 wp-block-buttons-is-layout-flex\">\n<div class=\"wp-block-button\"><a class=\"wp-block-button__link has-theme-1-background-color has-text-color has-background wp-element-button\" href=\"https:\/\/cciha.global\/en\/adhesion-devenir-membre\/\" style=\"color:#0a1628\">Devenir membre<\/a><\/div>\n\n\n\n<div class=\"wp-block-button\"><a class=\"wp-block-button__link has-theme-1-color has-text-color has-background has-border-color wp-element-button\" href=\"https:\/\/cciha.global\/en\/contact\/\" style=\"border-color:#BBBBBB;border-width:1px;background-color:transparent\">Nous contacter<\/a><\/div>\n<\/div>\n<\/div>\n<\/div><\/div>","protected":false},"excerpt":{"rendered":"<p>Ce que nous offrons Une chambre au service de vos ambitions La CCIHA met \u00e0 disposition de ses membres un ensemble de services con\u00e7us pour lever les obstacles concrets de l&#8217;entreprise : acc\u00e8s au conseil, mise en relation, ouverture des march\u00e9s, mont\u00e9e en comp\u00e9tences et d\u00e9fense des int\u00e9r\u00eats. Chaque service r\u00e9pond \u00e0 un besoin pr\u00e9cis. [&hellip;]<\/p>\n","protected":false},"author":258727748,"featured_media":0,"parent":0,"menu_order":0,"comment_status":"closed","ping_status":"closed","template":"","meta":{"give_campaign_id":0,"_bbp_topic_count":0,"_bbp_reply_count":0,"_bbp_total_topic_count":0,"_bbp_total_reply_count":0,"_bbp_voice_count":0,"_bbp_anonymous_reply_count":0,"_bbp_topic_count_hidden":0,"_bbp_reply_count_hidden":0,"_bbp_forum_subforum_count":0,"_wpcom_ai_launchpad_about_page":false,"_wpcom_ai_launchpad_gallery_page":false,"_wpcom_ai_launchpad_contact_page":false,"_wpcom_ai_launchpad_events_page":false,"_wpcom_ai_launchpad_video_page":false,"_wpcom_ai_launchpad_portfolio_piece":false,"footnotes":"","big_sky_generated":false},"class_list":["post-1754","page","type-page","status-publish","hentry"],"campaignId":"","spectra_blocks_featured_image_url":null,"spectra_blocks_author_info":{"display_name":"Danielot Pierre","avatar_url":"https:\/\/cciha.global\/wp-content\/plugins\/ultimate-member\/assets\/img\/default_avatar.jpg","author_link":"https:\/\/cciha.global\/en\/author\/danielotj25\/","description":"Entrepreneur, d\u00e9veloppeur de projets et acteur engag\u00e9 dans le d\u00e9veloppement \u00e9conomique, culturel et communautaire, je m\u2019investis dans la cr\u00e9ation d\u2019initiatives favorisant la coop\u00e9ration entre Ha\u00efti, l\u2019Afrique et la diaspora. Passionn\u00e9 par l\u2019innovation, la communication et les partenariats strat\u00e9giques, je travaille au d\u00e9veloppement de plateformes et de projets capables de renforcer les opportunit\u00e9s d\u2019affaires, la formation, l\u2019entrepreneuriat et les \u00e9changes internationaux."},"jetpack_likes_enabled":true,"jetpack_sharing_enabled":true,"jetpack_shortlink":"https:\/\/wp.me\/PgZSQ5-si","jetpack-related-posts":[{"id":1761,"url":"https:\/\/cciha.global\/en\/","url_meta":{"origin":1754,"position":0},"title":"Accueil \u2014 CCIHA","author":"Danielot Pierre","date":"13\/08\/2026","format":false,"excerpt":"Faire un Don Chambre de Commerce et d'Industrie Ha\u00eftiano-Africaine Le Pont Strat\u00e9gique entre Ha\u00efti et l'Afrique Ensemble, b\u00e2tissons des ponts \u00e9conomiques durables entre deux continents riches de ressources et de potentiel. Rejoindre la CCIHA D\u00e9couvrir nos services \u25cf \u00a0 \u25cb \u00a0 \u25cb NOTRE MISSION Notre Mission La CCIHA s'articule autour\u2026","rel":"","context":"Similar post","block_context":{"text":"Similar post","link":""},"img":{"alt_text":"CCIHA \u2013 Chambre de Commerce et d'Industrie Ha\u00eftiano-Africaine","src":"https:\/\/i0.wp.com\/cciha.global\/wp-content\/uploads\/2026\/08\/cciha-chambre-de-commerce-et-d039industrie-haitiano-africaine-6a77dc8eca97e.png?resize=350%2C200&ssl=1","width":350,"height":200,"srcset":"https:\/\/i0.wp.com\/cciha.global\/wp-content\/uploads\/2026\/08\/cciha-chambre-de-commerce-et-d039industrie-haitiano-africaine-6a77dc8eca97e.png?resize=350%2C200&ssl=1 1x, https:\/\/i0.wp.com\/cciha.global\/wp-content\/uploads\/2026\/08\/cciha-chambre-de-commerce-et-d039industrie-haitiano-africaine-6a77dc8eca97e.png?resize=525%2C300&ssl=1 1.5x, https:\/\/i0.wp.com\/cciha.global\/wp-content\/uploads\/2026\/08\/cciha-chambre-de-commerce-et-d039industrie-haitiano-africaine-6a77dc8eca97e.png?resize=700%2C400&ssl=1 2x, https:\/\/i0.wp.com\/cciha.global\/wp-content\/uploads\/2026\/08\/cciha-chambre-de-commerce-et-d039industrie-haitiano-africaine-6a77dc8eca97e.png?resize=1050%2C600&ssl=1 3x"},"classes":[]},{"id":1278,"url":"https:\/\/cciha.global\/en\/politique-de-cookies\/","url_meta":{"origin":1754,"position":1},"title":"Politique de cookies","author":"Danielot Pierre","date":"11\/07\/2026","format":false,"excerpt":"Politique de cookies Derni\u00e8re mise \u00e0 jour : 11 juillet 2026 La pr\u00e9sente Politique de cookies explique comment la Chambre de Commerce et d'Industrie Ha\u00eftiano-Africaine (CCIHA) utilise les cookies et les technologies similaires sur son site web\u00a0https:\/\/cciha.global. Elle vous informe sur leur fonctionnement, leur utilit\u00e9 et les choix dont vous\u2026","rel":"","context":"Similar post","block_context":{"text":"Similar post","link":""},"img":{"alt_text":"","src":"","width":0,"height":0},"classes":[]},{"id":1255,"url":"https:\/\/cciha.global\/en\/politique-de-confidentialite\/","url_meta":{"origin":1754,"position":2},"title":"Politique de confidentialit\u00e9","author":"Danielot Pierre","date":"11\/07\/2026","format":false,"excerpt":"Politique de confidentialit\u00e9 Derni\u00e8re mise \u00e0 jour : 11 juillet 2026 La Chambre de Commerce et d'Industrie Ha\u00eftiano-Africaine (CCIHA) attache une grande importance \u00e0 la protection de la vie priv\u00e9e de ses membres, partenaires, visiteurs et utilisateurs de son site web. La pr\u00e9sente Politique de confidentialit\u00e9 explique quelles informations nous\u2026","rel":"","context":"Similar post","block_context":{"text":"Similar post","link":""},"img":{"alt_text":"","src":"","width":0,"height":0},"classes":[]},{"id":1312,"url":"https:\/\/cciha.global\/en\/mentions-legales-cciha\/","url_meta":{"origin":1754,"position":3},"title":"Mention L\u00e9gales","author":"Danielot Pierre","date":"11\/07\/2026","format":false,"excerpt":"Cadre Juridique Mentions L\u00e9gales Derni\u00e8re mise \u00e0 jour : 11 juillet 2026 Les mentions l\u00e9gales ont pour objectif d'informer les visiteurs du site de la Chambre de Commerce et d'Industrie Ha\u00eftiano-Africaine (CCIHA) sur l'identit\u00e9 de l'organisation, les conditions d'utilisation du site et les responsabilit\u00e9s li\u00e9es \u00e0 son contenu. Articles 1.\u2026","rel":"","context":"Similar post","block_context":{"text":"Similar post","link":""},"img":{"alt_text":"Professional institutional photograph, close-up of two hands resting on an official signed document on a polished dark wood desk, elegant fountain pen nearby, soft corporate office lighting, muted navy and gold tones, serious and credible diplomatic business atmosphere, no faces, high-end chamber of commerce mood","src":"https:\/\/i0.wp.com\/cciha.global\/wp-content\/uploads\/2026\/08\/cciha-chambre-de-commerce-et-d039industrie-haitiano-africaine-6a86e7f69a86a.png?resize=350%2C200&ssl=1","width":350,"height":200,"srcset":"https:\/\/i0.wp.com\/cciha.global\/wp-content\/uploads\/2026\/08\/cciha-chambre-de-commerce-et-d039industrie-haitiano-africaine-6a86e7f69a86a.png?resize=350%2C200&ssl=1 1x, https:\/\/i0.wp.com\/cciha.global\/wp-content\/uploads\/2026\/08\/cciha-chambre-de-commerce-et-d039industrie-haitiano-africaine-6a86e7f69a86a.png?resize=525%2C300&ssl=1 1.5x, https:\/\/i0.wp.com\/cciha.global\/wp-content\/uploads\/2026\/08\/cciha-chambre-de-commerce-et-d039industrie-haitiano-africaine-6a86e7f69a86a.png?resize=700%2C400&ssl=1 2x"},"classes":[]},{"id":1771,"url":"https:\/\/cciha.global\/en\/a-propos-cciha\/","url_meta":{"origin":1754,"position":4},"title":"\u00c0 propos \u2014 CCIHA","author":"Danielot Pierre","date":"13\/08\/2026","format":false,"excerpt":"\u00c0 Propos de la CCIHA Le Pont Strat\u00e9gique entre Ha\u00efti et l\u2019Afrique QUI SOMMES-NOUS ? Qui sommes-nous ? La Chambre de Commerce et de l\u2019Industrie Ha\u00eftiano-Africaine (CCIHA) est une organisation nationale \u00e0 port\u00e9e internationale, dot\u00e9e d\u2019une vocation \u00e9conomique, diplomatique et culturelle. Son objectif fondamental est de renforcer les relations entre\u2026","rel":"","context":"Similar post","block_context":{"text":"Similar post","link":""},"img":{"alt_text":"Maitre Nathalie Wakam Intervenante au Forum Made in Afrik-Ayiti","src":"https:\/\/i0.wp.com\/cciha.global\/wp-content\/uploads\/2026\/02\/IMG-20260206-WA0001.jpg?resize=350%2C200&ssl=1","width":350,"height":200,"srcset":"https:\/\/i0.wp.com\/cciha.global\/wp-content\/uploads\/2026\/02\/IMG-20260206-WA0001.jpg?resize=350%2C200&ssl=1 1x, https:\/\/i0.wp.com\/cciha.global\/wp-content\/uploads\/2026\/02\/IMG-20260206-WA0001.jpg?resize=525%2C300&ssl=1 1.5x, https:\/\/i0.wp.com\/cciha.global\/wp-content\/uploads\/2026\/02\/IMG-20260206-WA0001.jpg?resize=700%2C400&ssl=1 2x"},"classes":[]},{"id":17,"url":"https:\/\/cciha.global\/en\/formations\/","url_meta":{"origin":1754,"position":5},"title":"Formations","author":"Danielot Pierre","date":"21\/12\/2025","format":false,"excerpt":"S\u00c9MINAIRES ET ATELIERS Faire un Don Transformer vos id\u00e9es en impact. \u00c0 la Chambre de Commerce et d'Industrie Ha\u00eftiano\u2013Africaine, nous croyons que le savoir n'est pas seulement une ressource, c'est un v\u00e9ritable moteur de transformation \u00e9conomique. Nous proposons des formations certifiantes con\u00e7ues pour les entrepreneurs, dirigeants et professionnels qui souhaitent\u2026","rel":"","context":"Similar post","block_context":{"text":"Similar post","link":""},"img":{"alt_text":"","src":"https:\/\/i0.wp.com\/cciha.global\/wp-content\/uploads\/2026\/02\/IMG-20260206-WA0039.jpg?resize=350%2C200&ssl=1","width":350,"height":200,"srcset":"https:\/\/i0.wp.com\/cciha.global\/wp-content\/uploads\/2026\/02\/IMG-20260206-WA0039.jpg?resize=350%2C200&ssl=1 1x, https:\/\/i0.wp.com\/cciha.global\/wp-content\/uploads\/2026\/02\/IMG-20260206-WA0039.jpg?resize=525%2C300&ssl=1 1.5x, https:\/\/i0.wp.com\/cciha.global\/wp-content\/uploads\/2026\/02\/IMG-20260206-WA0039.jpg?resize=700%2C400&ssl=1 2x"},"classes":[]}],"_links":{"self":[{"href":"https:\/\/cciha.global\/en\/wp-json\/wp\/v2\/pages\/1754","targetHints":{"allow":["GET"]}}],"collection":[{"href":"https:\/\/cciha.global\/en\/wp-json\/wp\/v2\/pages"}],"about":[{"href":"https:\/\/cciha.global\/en\/wp-json\/wp\/v2\/types\/page"}],"author":[{"embeddable":true,"href":"https:\/\/cciha.global\/en\/wp-json\/wp\/v2\/users\/258727748"}],"replies":[{"embeddable":true,"href":"https:\/\/cciha.global\/en\/wp-json\/wp\/v2\/comments?post=1754"}],"version-history":[{"count":9,"href":"https:\/\/cciha.global\/en\/wp-json\/wp\/v2\/pages\/1754\/revisions"}],"predecessor-version":[{"id":2093,"href":"https:\/\/cciha.global\/en\/wp-json\/wp\/v2\/pages\/1754\/revisions\/2093"}],"wp:attachment":[{"href":"https:\/\/cciha.global\/en\/wp-json\/wp\/v2\/media?parent=1754"}],"curies":[{"name":"wp","href":"https:\/\/api.w.org\/{rel}","templated":true}]}}